{"id":252,"date":"2022-04-27T15:13:23","date_gmt":"2022-04-27T15:13:23","guid":{"rendered":"https:\/\/agaren.it\/?page_id=252"},"modified":"2025-02-28T11:52:25","modified_gmt":"2025-02-28T11:52:25","slug":"privacy","status":"publish","type":"page","link":"https:\/\/www.agaren.it\/en\/privacy\/","title":{"rendered":"Privacy"},"content":{"rendered":"<p>[et_pb_section fb_built=&#8221;1&#8243; _builder_version=&#8221;4.16&#8243; custom_padding=&#8221;0px|||||&#8221; global_colors_info=&#8221;{}&#8221;][et_pb_row _builder_version=&#8221;4.17.3&#8243; _module_preset=&#8221;default&#8221; width=&#8221;100%&#8221; max_width=&#8221;2560px&#8221; module_alignment=&#8221;center&#8221; custom_padding=&#8221;60px||1px|||&#8221; global_colors_info=&#8221;{}&#8221;][et_pb_column type=&#8221;4_4&#8243; _builder_version=&#8221;4.17.3&#8243; _module_preset=&#8221;default&#8221; global_colors_info=&#8221;{}&#8221;][et_pb_text _builder_version=&#8221;4.17.4&#8243; _module_preset=&#8221;default&#8221; text_font=&#8221;Big Clacson|100|||||||&#8221; text_font_size=&#8221;36px&#8221; text_line_height=&#8221;1.1em&#8221; text_orientation=&#8221;center&#8221; custom_margin=&#8221;||11px|||&#8221; custom_padding=&#8221;||||false|false&#8221; global_colors_info=&#8221;{}&#8221;]<\/p>\n<p>Privacy<\/p>\n<p>[\/et_pb_text][et_pb_divider divider_weight=&#8221;2px&#8221; _builder_version=&#8221;4.17.3&#8243; _module_preset=&#8221;default&#8221; global_colors_info=&#8221;{}&#8221;][\/et_pb_divider][\/et_pb_column][\/et_pb_row][et_pb_row _builder_version=&#8221;4.17.3&#8243; _module_preset=&#8221;default&#8221; custom_margin=&#8221;50px|auto||auto||&#8221; custom_padding=&#8221;||6px|||&#8221; global_colors_info=&#8221;{}&#8221;][et_pb_column type=&#8221;4_4&#8243; _builder_version=&#8221;4.17.3&#8243; _module_preset=&#8221;default&#8221; global_colors_info=&#8221;{}&#8221;][et_pb_text _builder_version=&#8221;4.17.4&#8243; _module_preset=&#8221;default&#8221; text_font=&#8221;Cera Pro Light||||||||&#8221; text_font_size=&#8221;18px&#8221; custom_margin=&#8221;||3px|||&#8221; global_colors_info=&#8221;{}&#8221;]<\/p>\n<p><strong>INFORMATIVA PRIVACY AI SENSI DELL\u2019ART. 13 DEL REGOLAMENTO UE 2016\/679<\/strong><\/p>\n<p>&nbsp;<\/p>\n<p>1.Titolare del trattamento<\/p>\n<p><strong>AGAREN UNIPERSONALE S.R.L.<\/strong><\/p>\n<p><strong>Sede legale C.DA POGGIARELLI snc, 95041 Caltagirone (CT)<\/strong><\/p>\n<p><strong>tel. +39 093322873<\/strong><\/p>\n<p><strong>E-mail: amministrazione@agaren.it<\/strong><\/p>\n<p>2. Le categorie di dati che vengono sottoposti a trattamento<\/p>\n<p>I dati trattati dal Titolare sono esclusivamente i \u201cdati personali\u201d (ex. Art. 4.1 del GDPR);<\/p>\n<p>In particolare, le categorie di dati personali attinenti possono essere, a mero titolo esemplificativo ma certo non esaustivo:<\/p>\n<ul>\n<li>Dati anagrafici ed identificativi (nome, data di nascita, luogo di nascita, nazionalit\u00e0, codice fiscale, Partita IVA, occupazione\/mestiere, ecc.);<\/li>\n<li>Dati di contatto (indirizzo, indirizzo e-mail, indirizzo IP, numero di telefono e dati similari);<\/li>\n<li>Dati relativi alle carte di credito utilizzate (numero di carta, nome e cognome, date di validit\u00e0, etc.);<\/li>\n<li>Dati relativi ai servizi erogati e usufruiti, agli acquisti effettuati e altri dati non particolari.<\/li>\n<\/ul>\n<p>3. Liceit\u00e0 e finalit\u00e0 del trattamento<\/p>\n<p>Il trattamento dei dati personali avviene in conformit\u00e0 alle disposizioni del Regolamento generale sulla protezione dei dati (GDPR) e di ogni altra normativa sulla protezione dei dati applicabile. Di seguito vengono forniti i dettagli:<\/p>\n<p>3.1 Finalit\u00e0 volte all&#8217;adempimento di un obbligo legale (art. 6, paragrafo 1 (c) del GDPR)<\/p>\n<p>a.\u00a0Adempimento di obblighi previsti da Leggi, Regolamenti e dalla Normativa Comunitaria, ovvero da disposizioni impartite da Autorit\u00e0 o da Organi di Vigilanza e Controllo in relazione o comunque connessi al rapporto giuridico in essere e\/o futuro.<\/p>\n<p>Il periodo di conservazione dei dati personali, relativamente alle finalit\u00e0 di cui alla presente sezione \u00e8:<\/p>\n<p>Per la finalit\u00e0: a, 10 anni, dal termine del rapporto contrattuale o commerciale.<\/p>\n<p>Questi tempi possono allungarsi in caso di contenzioso o di specifiche disposizioni di legge.<\/p>\n<p>3.2 Finalit\u00e0 volte all\u2019esecuzione di un contratto o di misure precontrattuali (Art. 6, sezione 1 (b) del GDPR);<\/p>\n<p>a.\u00a0Esecuzione di attivit\u00e0 precontrattuali, anche con riferimento al primo contatto;<\/p>\n<p>b.\u00a0Adempimento degli obblighi contrattuali e negozi giuridici e in particolare del contratto stipulato (ad esempio esecuzione dell\u2019ordine, incluso l\u2019invio di comunicazioni funzionali tramite posta elettronica e\/o tramite SMS, nonch\u00e9 l\u2019esecuzione dei servizi di trasporto e di assistenza post-vendita alla clientela);<\/p>\n<p>c.\u00a0Gestione dei processi amministrativi, contabili, fiscali e finanziari connessi all&#8217;erogazione del prodotto o servizio fornito;<\/p>\n<p>d.\u00a0Tutela dei diritti contrattuali o comunque derivanti dai rapporti intercorrenti tra le parti.<\/p>\n<p>Il periodo di conservazione dei dati personali, relativamente alle finalit\u00e0 di cui alla presente sezione \u00e8:<\/p>\n<p>Per la finalit\u00e0: a, fino al termine dell\u2019attivit\u00e0 precontrattuale;<\/p>\n<p>Per la finalit\u00e0: b, c, d, 10 anni dall\u2019acquisto o dal termine del rapporto contrattuale o commerciale.<br \/>Questi tempi possono allungarsi in caso di contenzioso o per speciali disposizioni contrattuali.<\/p>\n<p>3.3 Finalit\u00e0 per il perseguimento di un legittimo interesse (ex art. 6 (1f) del GDPR);<\/p>\n<p>Si ricorda che i dati forniti potranno essere trattati per la tutela di interessi legittimi del titolare ed in particolare per:<\/p>\n<p>a.\u00a0Limitatamente alle vendite on-line, svolgimento di verifiche volte alla prevenzione di attivit\u00e0 fraudolente tramite l\u2019uso di carte di credito;<\/p>\n<p>b.\u00a0Reportistica infragruppo e controlli interni;<\/p>\n<p>c.\u00a0Svolgimento di verifiche e sondaggi relativi agli acquisti effettuati e ai servizi usufruiti, con particolare riferimento alla soddisfazione della clientela, per migliorare la qualit\u00e0 dei servizi offerti.<\/p>\n<p>Il periodo di conservazione dei dati personali, relativamente alle finalit\u00e0 di cui alla presente sezione \u00e8:<\/p>\n<p>Per la finalit\u00e0: a, entro 24 mesi dall\u2019acquisto o dalla sottoscrizione del contratto stipulato.<br \/>Per la finalit\u00e0: b, fino a 10 anni dall\u2019acquisto o dal termine del rapporto contrattuale o commerciale.<br \/>Per la finalit\u00e0: c, entro 72 ore dall\u2019acquisto o dalla sottoscrizione del contratto stipulato.<\/p>\n<p>&nbsp;<\/p>\n<p>4. Destinatari o categorie di destinatari dei dati personali (ex art. 13 paragrafo 1 (e) del GDPR);<\/p>\n<p>Nell&#8217;ambito delle suindicate finalit\u00e0, il Titolare del trattamento potr\u00e0 comunicare i Suoi dati a:<\/p>\n<ul>\n<li>uffici e funzioni interne del Titolare medesimo;<\/li>\n<li>societ\u00e0 terze appositamente incaricata per l\u2019espletamento delle verifiche relative ai dati delle carte di credito;<\/li>\n<li>fornitori che prestano servizi, quali in particolare, societ\u00e0 che forniscono servizi informatici, ivi inclusi i servizi di hosting;<\/li>\n<li>societ\u00e0 che svolgono servizi di carattere commerciale a favore di AGAREN con particolare riferimento al trasporto e alla consegna;<\/li>\n<li>eventuali pubbliche amministrazioni e autorit\u00e0 pubbliche, qualora fosse richiesto dalle stesse nell\u2019ambito della loro attivit\u00e0 istituzionali.<\/li>\n<\/ul>\n<p>5. Diritti del Soggetto Interessato (ex. Art. 13 paragrafo 2 (b) del GDPR);<\/p>\n<p>L\u2019interessato pu\u00f2 far valere i seguenti diritti:<\/p>\n<ul>\n<li>diritto di accesso dell\u2019interessato [art. 15 del Regolamento UE] (la possibilit\u00e0 di essere informato sui trattamenti effettuati sui propri Dati Personali ed eventualmente riceverne copia);<\/li>\n<li>diritto di rettifica dei propri Dati Personali [art. 16 del Regolamento UE] (l\u2019interessato ha diritto alla rettifica dei dati personali inesatti che lo riguardano);<\/li>\n<li>diritto alla cancellazione dei propri Dati Personali senza ingiustificato ritardo (\u201cdiritto all\u2019oblio\u201d) [art. 17 del Regolamento UE] (l\u2019interessato ha, cos\u00ec come avr\u00e0, diritto alla cancellazione dei propri dati);<\/li>\n<li>diritto di limitazione di trattamento dei propri Dati Personali nei casi previsti dall\u2019art. 18 del Regolamento UE, tra cui nel caso di trattamenti illeciti o contestazione dell\u2019esattezza dei Dati Personali da parte dell\u2019interessato [art. 18 del Regolamento UE];<\/li>\n<li>diritto alla portabilit\u00e0 dei dati [art. 20 del Regolamento UE], l\u2019interessato potr\u00e0 richiedere in formato strutturato i propri Dati Personali al fine di trasmetterli ad altro titolare, nei casi previsti dal medesimo articolo;<\/li>\n<li>diritto di opposizione al trattamento dei propri Dati Personali [art. 21 del Regolamento UE] (l\u2019interessato ha, cos\u00ec come avr\u00e0, diritto alla opposizione del trattamento dei propri dati personali);<\/li>\n<li>diritto di non essere sottoposto a processi decisionali automatizzati, [art. 22 del Regolamento UE] (l\u2019interessato ha, cos\u00ec come avr\u00e0, diritto a non essere sottoposto ad una decisione basata unicamente sul trattamento automatizzato).<\/li>\n<\/ul>\n<p>Relativamente alle finalit\u00e0, per le quali fosse richiesto il consenso, l&#8217;Interessato pu\u00f2 revocare il proprio consenso in qualsiasi momento e gli effetti decorreranno dal momento della revoca, fatti salvi i termini previsti dalla legge. In termini generali la revoca del consenso ha effetto solo per il futuro.<br \/>I suddetti diritti possono essere esercitati secondo quanto stabilito dal Regolamento inviando, anche, una email al seguente indirizzo\u00a0<a href=\"mailto:info@agaren.it\">info@agaren.it<\/a>.<\/p>\n<p>In ossequio all\u2019art. 19 del Regolamento UE, il Titolare procede a informare i destinatari cui sono stati comunicati i dati personali, le eventuali rettifiche, cancellazioni o limitazioni del trattamento richieste, ove ci\u00f2 sia possibile.<\/p>\n<p>Per consentire un pi\u00f9 celere riscontro delle Sue richieste formulate nell&#8217;esercizio dei su indicati diritti, le stesse potranno essere rivolte al Titolare indirizzando le medesime ai recapiti indicati al punto 1.<\/p>\n<p>&nbsp;<\/p>\n<p>6. Diritto di proporre reclamo (art. 13 paragrafo 2 (d) del GDPR);<\/p>\n<p>L\u2019interessato, qualora ritenga che i propri diritti siano stati compromessi, ha diritto di proporre reclamo all\u2019Autorit\u00e0 Garante per la protezione dei dati personali, secondo le modalit\u00e0 indicate dalla stessa Autorit\u00e0 al seguente indirizzo internet:<\/p>\n<p><a href=\"http:\/\/www.garanteprivacy.it\/web\/guest\/home\/docweb\/-\/docweb-display\/docweb\/4535524\">http:\/\/www.garanteprivacy.it\/web\/guest\/home\/docweb\/-\/docweb-display\/docweb\/4535524<\/a><\/p>\n<p>oppure inviando comunicazione scritta all\u2019 Autorit\u00e0 Garante per la Protezione dei Dati Personali, Piazza Monte Citorio n.121, 00186 Roma.<\/p>\n<p>&nbsp;<\/p>\n<p>7. Possibile conseguenza della mancata comunicazione dei dati, natura del conferimento dei dati (art. 13 paragrafo 2 (e) del GDPR)<\/p>\n<p>7.1 In caso di adempimento di obblighi di legge o contrattuali<\/p>\n<p>Si informa che qualora le finalit\u00e0 di trattamento abbiano come base giuridica un obbligo legale o contrattuale (o anche precontrattuale), l\u2019interessato deve necessariamente fornire i dati richiesti.<\/p>\n<p>In caso contrario vi sar\u00e0 l\u2019impossibilit\u00e0 da parte del Titolare di procedere al perseguimento delle specifiche finalit\u00e0 di trattamento.<\/p>\n<p>7.2 In caso di perseguimento di legittimo interesse<\/p>\n<p>Parimenti, relativamente alle finalit\u00e0 basate su un interesse legittimo e che non richiedono il consenso, l\u2019opposizione dell\u2019interessato comporta o comporter\u00e0 l\u2019impossibilit\u00e0 di procedere alla realizzazione delle rispettive finalit\u00e0 e degli eventuali servizi connessi, per cui rispettivamente l\u2019interessato si \u00e8 opposto, salvo motivi legittimi cogenti prevalenti o finalizzati alla tutela dei diritti in sede giudiziaria.<\/p>\n<p>Quando i dati non sono pi\u00f9 necessari per perseguire le finalit\u00e0 sopra indicate, questi vengono regolarmente cancellati, qualora la loro cancellazione risulti impossibile o possibile solo a fronte di uno sforzo sproporzionato a causa di una modalit\u00e0 di conservazione particolare il dato non potr\u00e0 essere trattato e dovr\u00e0 essere archiviato in aree non accessibili.<\/p>\n<p>&nbsp;<\/p>\n<p>8. Modalit\u00e0 del trattamento<\/p>\n<p>I dati personali verranno trattati in forma cartacea, informatizzata e telematica ed inseriti nelle pertinenti banche dati (clienti, utenti, ecc.) cui potranno accedere, e quindi venirne a conoscenza, gli addetti espressamente designati dal Titolare quali Responsabili ed Autorizzati del trattamento dei dati personali, che potranno effettuare operazioni di consultazione, utilizzo, elaborazione, raffronto ed ogni altra opportuna operazione anche automatizzata nel rispetto delle disposizioni di legge necessarie a garantire, tra l&#8217;altro, la riservatezza e la sicurezza dei dati nonch\u00e9 l\u2019esattezza, l\u2019aggiornamento e la pertinenza dei dati rispetto alle finalit\u00e0 dichiarate.<\/p>\n<p>[\/et_pb_text][\/et_pb_column][\/et_pb_row][\/et_pb_section]<\/p>\n","protected":false},"excerpt":{"rendered":"<p>PrivacyINFORMATIVA PRIVACY AI SENSI DELL\u2019ART. 13 DEL REGOLAMENTO UE 2016\/679 &nbsp; 1.Titolare del trattamento AGAREN UNIPERSONALE S.R.L. Sede legale C.DA POGGIARELLI snc, 95041 Caltagirone (CT) tel. +39 093322873 E-mail: amministrazione@agaren.it 2. Le categorie di dati che vengono sottoposti a trattamento I dati trattati dal Titolare sono esclusivamente i \u201cdati personali\u201d (ex. Art. 4.1 del GDPR); [&hellip;]<\/p>\n","protected":false},"author":7,"featured_media":0,"parent":0,"menu_order":0,"comment_status":"closed","ping_status":"closed","template":"","meta":{"_et_pb_use_builder":"on","_et_pb_old_content":"<!-- wp:divi\/placeholder \/-->","_et_gb_content_width":"","footnotes":""},"class_list":["post-252","page","type-page","status-publish","hentry"],"yoast_head":"<!-- This site is optimized with the Yoast SEO plugin v27.5 - https:\/\/yoast.com\/product\/yoast-seo-wordpress\/ -->\n<title>Privacy - Agar\u00e8n<\/title>\n<meta name=\"robots\" content=\"index, follow, max-snippet:-1, max-image-preview:large, max-video-preview:-1\" \/>\n<link rel=\"canonical\" href=\"https:\/\/www.agaren.it\/en\/privacy\/\" \/>\n<meta property=\"og:locale\" content=\"en_GB\" \/>\n<meta property=\"og:type\" content=\"article\" \/>\n<meta property=\"og:title\" content=\"Privacy - Agar\u00e8n\" \/>\n<meta property=\"og:description\" content=\"PrivacyINFORMATIVA PRIVACY AI SENSI DELL\u2019ART. 13 DEL REGOLAMENTO UE 2016\/679 &nbsp; 1.Titolare del trattamento AGAREN UNIPERSONALE S.R.L. Sede legale C.DA POGGIARELLI snc, 95041 Caltagirone (CT) tel. +39 093322873 E-mail: amministrazione@agaren.it 2. Le categorie di dati che vengono sottoposti a trattamento I dati trattati dal Titolare sono esclusivamente i \u201cdati personali\u201d (ex. Art. 4.1 del GDPR); [&hellip;]\" \/>\n<meta property=\"og:url\" content=\"https:\/\/www.agaren.it\/en\/privacy\/\" \/>\n<meta property=\"og:site_name\" content=\"Agar\u00e8n\" \/>\n<meta property=\"article:modified_time\" content=\"2025-02-28T11:52:25+00:00\" \/>\n<meta name=\"twitter:card\" content=\"summary_large_image\" \/>\n<script type=\"application\/ld+json\" class=\"yoast-schema-graph\">{\"@context\":\"https:\\\/\\\/schema.org\",\"@graph\":[{\"@type\":\"WebPage\",\"@id\":\"https:\\\/\\\/www.agaren.it\\\/privacy\\\/\",\"url\":\"https:\\\/\\\/www.agaren.it\\\/privacy\\\/\",\"name\":\"Privacy - Agar\u00e8n\",\"isPartOf\":{\"@id\":\"https:\\\/\\\/www.agaren.it\\\/#website\"},\"datePublished\":\"2022-04-27T15:13:23+00:00\",\"dateModified\":\"2025-02-28T11:52:25+00:00\",\"breadcrumb\":{\"@id\":\"https:\\\/\\\/www.agaren.it\\\/privacy\\\/#breadcrumb\"},\"inLanguage\":\"en-GB\",\"potentialAction\":[{\"@type\":\"ReadAction\",\"target\":[\"https:\\\/\\\/www.agaren.it\\\/privacy\\\/\"]}]},{\"@type\":\"BreadcrumbList\",\"@id\":\"https:\\\/\\\/www.agaren.it\\\/privacy\\\/#breadcrumb\",\"itemListElement\":[{\"@type\":\"ListItem\",\"position\":1,\"name\":\"Home\",\"item\":\"https:\\\/\\\/www.agaren.it\\\/\"},{\"@type\":\"ListItem\",\"position\":2,\"name\":\"Privacy\"}]},{\"@type\":\"WebSite\",\"@id\":\"https:\\\/\\\/www.agaren.it\\\/#website\",\"url\":\"https:\\\/\\\/www.agaren.it\\\/\",\"name\":\"Agar\u00e8n\",\"description\":\"Teste di Moro : Ceramiche di Caltagirone : Ceramiche Siciliane\",\"publisher\":{\"@id\":\"https:\\\/\\\/www.agaren.it\\\/#\\\/schema\\\/person\\\/1ff62f05ec8d61015ae3655a97f00667\"},\"potentialAction\":[{\"@type\":\"SearchAction\",\"target\":{\"@type\":\"EntryPoint\",\"urlTemplate\":\"https:\\\/\\\/www.agaren.it\\\/?s={search_term_string}\"},\"query-input\":{\"@type\":\"PropertyValueSpecification\",\"valueRequired\":true,\"valueName\":\"search_term_string\"}}],\"inLanguage\":\"en-GB\"},{\"@type\":[\"Person\",\"Organization\"],\"@id\":\"https:\\\/\\\/www.agaren.it\\\/#\\\/schema\\\/person\\\/1ff62f05ec8d61015ae3655a97f00667\",\"name\":\"enrico@sinetweb.net\",\"logo\":{\"@id\":\"https:\\\/\\\/www.agaren.it\\\/#\\\/schema\\\/person\\\/image\\\/\"}}]}<\/script>\n<!-- \/ Yoast SEO plugin. -->","yoast_head_json":{"title":"Privacy - Agar\u00e8n","robots":{"index":"index","follow":"follow","max-snippet":"max-snippet:-1","max-image-preview":"max-image-preview:large","max-video-preview":"max-video-preview:-1"},"canonical":"https:\/\/www.agaren.it\/en\/privacy\/","og_locale":"en_GB","og_type":"article","og_title":"Privacy - Agar\u00e8n","og_description":"PrivacyINFORMATIVA PRIVACY AI SENSI DELL\u2019ART. 13 DEL REGOLAMENTO UE 2016\/679 &nbsp; 1.Titolare del trattamento AGAREN UNIPERSONALE S.R.L. Sede legale C.DA POGGIARELLI snc, 95041 Caltagirone (CT) tel. +39 093322873 E-mail: amministrazione@agaren.it 2. Le categorie di dati che vengono sottoposti a trattamento I dati trattati dal Titolare sono esclusivamente i \u201cdati personali\u201d (ex. Art. 4.1 del GDPR); [&hellip;]","og_url":"https:\/\/www.agaren.it\/en\/privacy\/","og_site_name":"Agar\u00e8n","article_modified_time":"2025-02-28T11:52:25+00:00","twitter_card":"summary_large_image","schema":{"@context":"https:\/\/schema.org","@graph":[{"@type":"WebPage","@id":"https:\/\/www.agaren.it\/privacy\/","url":"https:\/\/www.agaren.it\/privacy\/","name":"Privacy - Agar\u00e8n","isPartOf":{"@id":"https:\/\/www.agaren.it\/#website"},"datePublished":"2022-04-27T15:13:23+00:00","dateModified":"2025-02-28T11:52:25+00:00","breadcrumb":{"@id":"https:\/\/www.agaren.it\/privacy\/#breadcrumb"},"inLanguage":"en-GB","potentialAction":[{"@type":"ReadAction","target":["https:\/\/www.agaren.it\/privacy\/"]}]},{"@type":"BreadcrumbList","@id":"https:\/\/www.agaren.it\/privacy\/#breadcrumb","itemListElement":[{"@type":"ListItem","position":1,"name":"Home","item":"https:\/\/www.agaren.it\/"},{"@type":"ListItem","position":2,"name":"Privacy"}]},{"@type":"WebSite","@id":"https:\/\/www.agaren.it\/#website","url":"https:\/\/www.agaren.it\/","name":"Agar\u00e8n","description":"Teste di Moro : Ceramiche di Caltagirone : Ceramiche Siciliane","publisher":{"@id":"https:\/\/www.agaren.it\/#\/schema\/person\/1ff62f05ec8d61015ae3655a97f00667"},"potentialAction":[{"@type":"SearchAction","target":{"@type":"EntryPoint","urlTemplate":"https:\/\/www.agaren.it\/?s={search_term_string}"},"query-input":{"@type":"PropertyValueSpecification","valueRequired":true,"valueName":"search_term_string"}}],"inLanguage":"en-GB"},{"@type":["Person","Organization"],"@id":"https:\/\/www.agaren.it\/#\/schema\/person\/1ff62f05ec8d61015ae3655a97f00667","name":"enrico@sinetweb.net","logo":{"@id":"https:\/\/www.agaren.it\/#\/schema\/person\/image\/"}}]}},"_links":{"self":[{"href":"https:\/\/www.agaren.it\/en\/wp-json\/wp\/v2\/pages\/252","targetHints":{"allow":["GET"]}}],"collection":[{"href":"https:\/\/www.agaren.it\/en\/wp-json\/wp\/v2\/pages"}],"about":[{"href":"https:\/\/www.agaren.it\/en\/wp-json\/wp\/v2\/types\/page"}],"author":[{"embeddable":true,"href":"https:\/\/www.agaren.it\/en\/wp-json\/wp\/v2\/users\/7"}],"replies":[{"embeddable":true,"href":"https:\/\/www.agaren.it\/en\/wp-json\/wp\/v2\/comments?post=252"}],"version-history":[{"count":5,"href":"https:\/\/www.agaren.it\/en\/wp-json\/wp\/v2\/pages\/252\/revisions"}],"predecessor-version":[{"id":1038,"href":"https:\/\/www.agaren.it\/en\/wp-json\/wp\/v2\/pages\/252\/revisions\/1038"}],"wp:attachment":[{"href":"https:\/\/www.agaren.it\/en\/wp-json\/wp\/v2\/media?parent=252"}],"curies":[{"name":"wp","href":"https:\/\/api.w.org\/{rel}","templated":true}]}}